{"id":801,"date":"2010-06-03T12:45:25","date_gmt":"2010-06-03T10:45:25","guid":{"rendered":"http:\/\/www.peches-mignons.fr\/?page_id=801"},"modified":"2010-06-03T20:50:16","modified_gmt":"2010-06-03T18:50:16","slug":"participations-2","status":"publish","type":"page","link":"https:\/\/www.peches-mignons.fr\/?page_id=801","title":{"rendered":"Participations"},"content":{"rendered":"<p style=\"text-align: center\"><strong>Soulef et son \u00ab\u00a0Jardin Fleuri\u00a0\u00bb<\/strong><\/p>\n<p style=\"text-align: center\"><a href=\"hhttp:\/\/amourdecuisine.over-blog.com\/article-la-recette-du-jardin-fleuri-mon-gateau-d-anniversaire-46564330.html\" target=\"_blank\"><img loading=\"lazy\" decoding=\"async\" src=\"\/wp-content\/uploads\/2010\/06\/jardin2_thumb.jpg\" alt=\"Amour de cuisine - Chez Soulef\" title=\"Amour de cuisine - Chez Soulef\" border=\"0\" height=\"296\" width=\"350\" \/><\/a><\/p>\n<p style=\"text-align: center\">&nbsp;<\/p>\n<p style=\"text-align: center\"><strong>Irisa et sa \u00ab\u00a0Jardini\u00e8re de Muffins au caramel\u00a0\u00bb<\/strong><\/p>\n<p style=\"text-align: center\"><a href=\"http:\/\/cuisinetcouleurs.canalblog.com\/archives\/2010\/05\/05\/17786297.html\" target=\"_blank\"><img loading=\"lazy\" decoding=\"async\" src=\"\/wp-content\/uploads\/2010\/06\/52738059_p.jpg\" alt=\"Cuisine et couleurs\" title=\"Cuisine et couleurs\" border=\"0\" height=\"263\" width=\"350\" \/><\/a><\/p>\n<p style=\"text-align: center\">&nbsp;<\/p>\n<p style=\"text-align: center\"><strong>Lulu et son \u00ab\u00a0Fraisier revisit\u00e9 au Lemon curd\u00a0\u00bb <\/strong><\/p>\n<p style=\"text-align: center\"><a href=\"http:\/\/bienvenuechezlulu.blog4ever.com\/blog\/lire-article-388998-1752675-un_gateau_pour_maman_et_un_petit_concours_.html\" target=\"_blank\"><img loading=\"lazy\" decoding=\"async\" src=\"\/wp-content\/uploads\/2010\/06\/artimage_388998_2686789_2010050703231000.jpg\" alt=\"Bienvenue chez Lulu\" title=\"Bienvenue chez Lulu\" border=\"0\" height=\"252\" width=\"350\" \/><\/a><\/p>\n<p style=\"text-align: center\">&nbsp;<\/p>\n<p style=\"text-align: center\"><strong>Vanessa et son \u00ab\u00a0Moelleux au chocolat gingembre et basilic\u00a0\u00bb <\/strong><\/p>\n<p style=\"text-align: center\"><a href=\"http:\/\/nes8510.canalblog.com\/archives\/2010\/05\/08\/17829396.html#comments\" target=\"_blank\"><img loading=\"lazy\" decoding=\"async\" src=\"\/wp-content\/uploads\/2010\/06\/52872603.jpg\" alt=\"Cuisine du monde\" title=\"Cuisine du monde\" border=\"0\" height=\"263\" width=\"350\" \/><\/a><\/p>\n<p style=\"text-align: center\">&nbsp;<\/p>\n<p style=\"text-align: center\"><strong>\u00a0Jo et ses \u00ab\u00a0Cupcakes \u00e0 l&rsquo;eau de rose\u00a0\u00bb <\/strong><\/p>\n<p style=\"text-align: center\"><a href=\"http:\/\/cupcakista.over-blog.com\/article-cupcake-a-l-eau-de-rose-pour-la-fete-des-meres-50106447.html\" target=\"_blank\"><img loading=\"lazy\" decoding=\"async\" src=\"\/wp-content\/uploads\/2010\/06\/Cupcakes_Fete_de_Meres.jpg\" alt=\"Cupcakista\" title=\"Cupcakista\" border=\"0\" height=\"263\" width=\"350\" \/><\/a><\/p>\n<p style=\"text-align: center\">&nbsp;<\/p>\n<p style=\"text-align: center\"><strong>\u00a0Poune et son \u00ab\u00a0Petit c\u0153ur\u00a0\u00bb<br \/>\n<\/strong><\/p>\n<p style=\"text-align: center\"><a href=\"http:\/\/legraindeseldepoune.blogspot.com\/2010\/05\/concours-maman-je-taime-bon.html\" target=\"_blank\"><img loading=\"lazy\" decoding=\"async\" src=\"\/wp-content\/uploads\/2010\/06\/coeur.jpg\" alt=\"Grain de sel de Poune\" title=\"Grain de sel de Poune\" border=\"0\" height=\"263\" width=\"350\" \/><\/a><\/p>\n<p style=\"text-align: center\">&nbsp;<\/p>\n<p style=\"text-align: center; font-weight: bold\">\u00a0Sandra et son \u00ab\u00a0Tiramicheescake\u00a0\u00bb<\/p>\n<p style=\"text-align: center\"><a href=\"http:\/\/tourencuisine.canalblog.com\/archives\/2010\/05\/10\/17841607.html#comments\" target=\"_blank\"><img loading=\"lazy\" decoding=\"async\" src=\"\/wp-content\/uploads\/2010\/06\/52918380_p.jpg\" alt=\"Un p'tit tour en cuisine\" title=\"Un p'tit tour en cuisine\" border=\"0\" height=\"241\" width=\"350\" \/><\/a><\/p>\n<p style=\"text-align: center\">&nbsp;<\/p>\n<p style=\"text-align: center; font-weight: bold\">\u00a0Marine et ses\u00a0 \u00ab\u00a0Cupcakes \u00e0 la fraise\u00a0\u00bb<\/p>\n<p style=\"text-align: center\"><a href=\"http:\/\/marinissime.canalblog.com\/archives\/2010\/05\/12\/17868451.html#comments\" target=\"_blank\"><img loading=\"lazy\" decoding=\"async\" src=\"\/wp-content\/uploads\/2010\/06\/53010809_p.jpg\" alt=\"Humeur d'une Lilloise\" border=\"0\" height=\"407\" width=\"350\" \/><\/a><\/p>\n<p style=\"text-align: center\">&nbsp;<\/p>\n<p style=\"text-align: center; font-weight: bold\">\u00a0Helen et son \u00ab\u00a0Pots de semoule, miel, amandes et fleur d&rsquo;oranger\u00a0\u00bb<\/p>\n<p style=\"text-align: center\">\u00a0<a href=\"http:\/\/helenscuisine.canalblog.com\/archives\/2010\/05\/13\/17871750.html\" target=\"_blank\"><img loading=\"lazy\" decoding=\"async\" src=\"\/wp-content\/uploads\/2010\/06\/53028828.jpg\" alt=\"Ma cuisine du placard\" title=\"Ma cuisine du placard\" border=\"0\" height=\"427\" width=\"350\" \/><\/a><\/p>\n<p style=\"text-align: center\">&nbsp;<\/p>\n<p style=\"font-weight: bold; text-align: center\">P\u00e9n\u00e9lope et sa \u00ab\u00a0Tarte aux noix revisit\u00e9e\u00a0\u00bb<\/p>\n<p style=\"text-align: center\"><a href=\"http:\/\/do-you-want-some.over-blog.com\/article-tarte-aux-noix-revisitee-creme-pommes-au-beurre-sale-et-miel-50458349.html\" target=\"_blank\"><img loading=\"lazy\" decoding=\"async\" src=\"\/wp-content\/uploads\/2010\/06\/P1080460.jpg\" alt=\"Cuisinez avec P\u00e9n\u00e9lope\" title=\"Cuisinez avec P\u00e9n\u00e9lope\" border=\"0\" height=\"263\" width=\"350\" \/><\/a><\/p>\n<p style=\"text-align: center\">&nbsp;<\/p>\n<p style=\"text-align: center; font-weight: bold\">\u00a0Kikilatoque et son \u00ab\u00a0G\u00e2teau pistache, chocolat blanc, framboises et roses\u00a0\u00bb<\/p>\n<p style=\"text-align: center\"><a href=\"http:\/\/kikilatoque.canalblog.com\/archives\/2010\/05\/19\/17703971.html\" target=\"_blank\"><img loading=\"lazy\" decoding=\"async\" src=\"\/wp-content\/uploads\/2010\/06\/53210539_p.jpg\" alt=\"La cuisine de mes envies\" title=\"La cuisine de mes envies\" border=\"0\" height=\"264\" width=\"350\" \/><\/a><\/p>\n<p style=\"text-align: center\">&nbsp;<\/p>\n<p style=\"text-align: center; font-weight: bold\">\u00a0Laurence qui n&rsquo;a pas de blog mais qui nous propose ses \u00ab\u00a0Tartelettes \u00e0 la mousse de fraise\u00a0\u00bb<\/p>\n<p style=\"text-align: center\"><img loading=\"lazy\" decoding=\"async\" src=\"\/wp-content\/uploads\/2010\/06\/1202748858_2.jpg\" alt=\"Tartelettes \u00e0 la mousse de fraise\" title=\"Tartelettes \u00e0 la mousse de fraise\" border=\"0\" height=\"232\" width=\"350\" \/><\/p>\n<p>6 personnes<br \/>\npr\u00e9paration : 15 min<br \/>\nr\u00e9frig\u00e9rateur : 2 heures<\/p>\n<p>&#8211;\u00a0  \u00a0 \u00a0 \u00a0  400 g de p\u00e2te sabl\u00e9e<br \/>\n&#8211;\u00a0 \u00a0 \u00a0 \u00a0  400 g de fraises<br \/>\n&#8211;\u00a0 \u00a0 \u00a0 \u00a0   120 g de sucre glace<br \/>\n&#8211;\u00a0 \u00a0 \u00a0 \u00a0  2 g de g\u00e9latine en feuille<br \/>\n&#8211;\u00a0 \u00a0 \u00a0 \u00a0   50 cl de cr\u00e8me liquide tr\u00e8s froide<br \/>\n&#8211;\u00a0 \u00a0 \u00a0 \u00a0  1 gousse de vanille<br \/>\n&#8211;\u00a0  \u00a0 \u00a0 \u00a0  1 cuil. A soupe de beurre<\/p>\n<p>&#8211;\u00a0 \u00a0 \u00a0 \u00a0  Pr\u00e9chauffez le four  th. 6-7 (200\u00b0C). garnissez de p\u00e2tre une<br \/>\nvingtaine de mini-moules  beurr\u00e9s et piquez les avec une fourchette. Enfournez 15<br \/>\nmin. pour  dorer. Laisser refroidir sur une grille.<\/p>\n<p>&#8211;\u00a0 \u00a0 \u00a0 \u00a0 \u00c9queutez les  fraises rinc\u00e9es. Mixez (sauf 6) avec la moiti\u00e9 du<br \/>\nsucre glace et  ramollir la g\u00e9latine dans un bol d\u2019eau froide 10 min. puis<br \/>\nessorez la  entre vos mains. Mettez la dans une casserole avec deux cuiller\u00e9es<br \/>\nde  pur\u00e9es de fraises. Faire fondre \u00e0 feu doux puis incorporez cette  pr\u00e9paration<br \/>\ndans le reste de pur\u00e9e.<\/p>\n<p>&#8211;\u00a0 \u00a0 \u00a0 \u00a0  Fouettez la  cr\u00e8me chantilly avec le reste de sucre et<br \/>\nincorporez y la pur\u00e9e de  fraises. Avec une poche ou d\u2019une cuill\u00e8re, garnissez<br \/>\nde mousse les  tartelettes voil\u00e9es de sucre glace. D\u00e9corez de lamelles de<br \/>\nfraise.<\/p>\n<p style=\"font-weight: bold; text-align: center\">Barbara et son \u00ab\u00a0Millefeuille aux pralines\u00a0\u00bb<\/p>\n<p style=\"text-align: center\"><a href=\"http:\/\/plaisirgustatif.canalblog.com\/archives\/2010\/05\/23\/17983533.html\" target=\"_blank\"><img loading=\"lazy\" decoding=\"async\" src=\"\/wp-content\/uploads\/2010\/06\/53421856.jpg\" alt=\"Recettes voyageuses de Barbara\" title=\"Recettes voyageuses de Barbara\" border=\"0\" height=\"238\" width=\"350\" \/><\/a><\/p>\n<p style=\"text-align: center\">&nbsp;<\/p>\n<p style=\"text-align: center; font-weight: bold\">\u00a0Michael et son \u00ab\u00a0Cheesecake carr\u00e9 aux fraises\u00a0\u00bb<\/p>\n<p style=\"text-align: center\"><a href=\"http:\/\/www.michael-patissier.com\/article-24079-cheese-cake-carreacute-aux-frais.html\" target=\"_blank\"><img loading=\"lazy\" decoding=\"async\" src=\"\/wp-content\/uploads\/2010\/06\/img_125901wvgee.jpg\" alt=\"Michael patissier\" title=\"Michael patissier\" border=\"0\" height=\"263\" width=\"350\" \/><\/a><\/p>\n<p style=\"text-align: center\">&nbsp;<\/p>\n<p style=\"text-align: center; font-weight: bold\">\u00a0Laura et son \u00ab\u00a0Clafoutis en forme de c\u0153ur\u00a0\u00bb<\/p>\n<p style=\"text-align: center\"><a href=\"http:\/\/laura77270.over-blog.com\/article-je-participe-a-un-jeu-51173525-comments.html#anchorComment\" target=\"_blank\"><img loading=\"lazy\" decoding=\"async\" src=\"\/wp-content\/uploads\/2010\/06\/DSC04173.jpg\" alt=\"Bienvenue dans ma cuisine...\" title=\"Bienvenue dans ma cuisine...\" border=\"0\" height=\"263\" width=\"350\" \/><\/a><\/p>\n<p style=\"text-align: center\">&nbsp;<\/p>\n<p style=\"text-align: center; font-weight: bold\">St\u00e9phanie qui n&rsquo;a pas de blog et sa \u00ab\u00a0Douceur de framboise en charlottine\u00a0\u00bb<\/p>\n<p style=\"text-align: center\"><img loading=\"lazy\" decoding=\"async\" src=\"\/wp-content\/uploads\/2010\/06\/douceur_de_framboise_en_charlottine_1.jpg\" alt=\"douceur de framboise\" border=\"0\" height=\"328\" width=\"350\" \/><\/p>\n<p class=\"MsoNormal\">La base de cette recette est la charlotte mais  travaill\u00e9e de fa\u00e7on diff\u00e9rente.<br \/>\n1<sup>\u00e8re<\/sup> \u00e9tape installer les g\u00e2teaux \u00e0  charlotte dans des petits moules, que vous aurez envelopp\u00e9 de papier film (pour un  d\u00e9moulage plus facile).<br \/>\n2<sup>\u00e8me<\/sup> \u00e9tape\u00a0: Pr\u00e9parer la cr\u00e8me\u00a0:<br \/>\nPour cette recette j\u2019ai choisi une cr\u00e8me p\u00e2tissi\u00e8re  aux framboises et fraises all\u00e9g\u00e9e par de la chantilly.<br \/>\nPr\u00e9paration de la cr\u00e8me p\u00e2tissi\u00e8re\u00a0:<br \/>\n0.5l Lait, 1 gousse de vanille \u00e0 faire chauffer.<br \/>\nDans un bol battre 3 jaunes d\u2019\u0153ufs avec 70g de  sucre et 70g de farine, une fois que ce m\u00e9lange est lisse verser progressivement le  lait chaud dessus, bien m\u00e9langer au fouet, et remettre le tout \u00e0 cuire \u00e0 feu  doux sur le feu, jusqu\u2019\u00e0 \u00e9paississement de la pr\u00e9paration.<br \/>\nSortir du feu, y ajouter du coulis de fraises et  framboises (fraises et framboises<span>\u00a0 <\/span>que j\u2019ai pr\u00e9alablement mix\u00e9es avec un peu de sucre glace dans le blender ).<br \/>\nLaisser refroidir cette pr\u00e9paration, pendant ce  temps monter un peu de cr\u00e8me liquide en chantilly en y rajoutant un paquet de sucre  vanill\u00e9.<br \/>\nPuis m\u00e9langer les deux pr\u00e9parations, la cr\u00e8me  devient alors plus l\u00e9g\u00e8re.<br \/>\nRemplir les moules avec les g\u00e2teaux pr\u00e9alablement  install\u00e9s, jusqu\u2019en haut.<br \/>\nRefermer le moule avec le reste de papier film, et  mettre au frigo au moins 4h.<br \/>\nAu moment de servir, sortir les moules du frigo,  puis d\u00e9mouler les charlottines (l\u2019op\u00e9ration est assez simple gr\u00e2ce au papier  film).<br \/>\nInstaller la charlotte dans une belle assiette,  poser vos plus belles framboises sur le dessus, et mettez du coulis.<br \/>\nPour la d\u00e9coration vous pouvez utiliser des fraises  en \u00e9ventail, une brochette de bonbon, un petit pot de framboises\u2026 voir une  pointe de chocolat pour \u00e9crire votre plus beau message \u00e0 votre maman, car  rappelons le cette recette est bien appropri\u00e9e \u00e0 la douceur et \u00e0 tout l\u2019amour que  l\u2019on porte \u00e0 sa maman.<br \/>\nServir aussit\u00f4t\u2026<\/p>\n<p class=\"MsoNormal\">&nbsp;<\/p>\n<p style=\"font-weight: bold; text-align: center\" class=\"MsoNormal\">Marjorie et ses \u00ab\u00a0Cupcakes chocolat blanc et fraise s\u00e9ch\u00e9es\u00a0\u00bb<\/p>\n<p style=\"text-align: center\"><a href=\"http:\/\/macarons4ever.canalblog.com\/archives\/2010\/05\/26\/18003339.html\" target=\"_blank\"><img loading=\"lazy\" decoding=\"async\" src=\"\/wp-content\/uploads\/2010\/06\/53500503_p.jpg\" alt=\"Macarons et d\u00e9lices\" title=\"Macarons et d\u00e9lices\" border=\"0\" height=\"466\" width=\"350\" \/><\/a><\/p>\n<p style=\"text-align: center\">&nbsp;<\/p>\n<p style=\"text-align: center; font-weight: bold\">Tiuscha et son \u00ab\u00a0Angel cake, giboul\u00e9e de cerises au thym citron\u00a0\u00bb<\/p>\n<p style=\"text-align: center\"><a href=\"http:\/\/saveurpassion.over-blog.com\/article-angel-cake-giboulee-de-cerises-au-thym-citron-51191289.html\" target=\"_blank\"><img loading=\"lazy\" decoding=\"async\" src=\"\/wp-content\/uploads\/2010\/06\/angelcakegibouleecerise.jpg\" alt=\"Saveur Passion\" title=\"Saveur Passion\" border=\"0\" height=\"446\" width=\"350\" \/><\/a><\/p>\n<p style=\"text-align: center\">&nbsp;<\/p>\n<p style=\"text-align: center; font-weight: bold\">Florent qui n&rsquo;a pas de blog et sa \u00ab\u00a0Tarte au citron meringu\u00e9e\u00a0\u00bb<\/p>\n<p style=\"text-align: center\"><img loading=\"lazy\" decoding=\"async\" src=\"\/wp-content\/uploads\/2010\/06\/DSC04183.jpg\" alt=\"Tarte citron meringu\u00e9e\" title=\"Tarte citron meringu\u00e9e\" border=\"0\" height=\"263\" width=\"350\" \/><\/p>\n<p><strong>Mat\u00e9riel<\/strong> : cercle \u00e0 tarte de 20cm de diam\u00e8tre et H2cm<br \/>\n<strong>Ingr\u00e9dients<\/strong><br \/>\n<strong><u>P\u00e2te sabl\u00e9e<\/u><\/strong><br \/>\n250g de farine T45<br \/>\n125g de beurre<br \/>\n125g de sucre<br \/>\n1 oeuf<br \/>\n1\/4 de cac de sel<br \/>\nFaire un sablage avec la farine et le beurre. Faire un puit et d\u00e9poser  le sucre, le sel et l&rsquo;oeuf. P\u00e9trir. Si la p\u00e2te colle trop, ajouter un  peu de farine. R\u00e9server 4h au frais.<br \/>\n<strong><u>Appareil citron<\/u><\/strong><br \/>\n2 citrons<br \/>\n150g de beurre<br \/>\n150g de sucre<br \/>\n3 oeufs<br \/>\nM\u00e9langer d\u00e9licatement les oeufs et le sucre. Ajouter le jus et les  zestes des citrons. Ajouter le beurre fondu.<br \/>\nCuire la p\u00e2te sabl\u00e9e 10 minutes \u00e0 blanc \u00e0 170\u00b0c (four tradtionnel  pr\u00e9chauff\u00e9)\u00a0apr\u00e8s l&rsquo;avoir perc\u00e9e pour ne pas qu&rsquo;elle gonfle. Ajouter  l&rsquo;appareil citron et enfourner \u00e0 220\u00b0c pour 20 minutes. Laisser  refroidir.<br \/>\n<strong><u>Meringue Italienne<\/u><\/strong><br \/>\nPorter 150g de sucre et 50g d&rsquo;eau \u00e0 121\u00b0c . Monter 120g de blanc d&rsquo;oeuf  en neige et incorporer le sucre cuit.<br \/>\nD\u00e9poser sur la tarte et cuire \u00e0 200\u00b0c\u00a05 minutes puis \u00e0 temp\u00e9rature  maximale jusqu&rsquo;\u00e0 la coloration souhait\u00e9e.<\/p>\n<p style=\"text-align: center; font-weight: bold\">Et sa \u00ab\u00a0Tarte kiwi\/mangue &#8211; cr\u00e8me noix de coco au rhum\u00a0\u00bb<\/p>\n<p style=\"text-align: center\"><img loading=\"lazy\" decoding=\"async\" src=\"\/wp-content\/uploads\/2010\/06\/DSC04240.jpg\" alt=\"Tarte kiwi-mangue...\" title=\"Tarte kiwi-mangue...\" border=\"0\" height=\"263\" width=\"350\" \/><\/p>\n<p><strong>Ingr\u00e9dients<\/strong><br \/>\n<strong><u>P\u00e2te sabl\u00e9e<\/u><\/strong><br \/>\n250g de farine T45<br \/>\n125g de beurre<br \/>\n125g de sucre<br \/>\n1 oeuf<br \/>\n1\/4 cac de sel<br \/>\nFaire un sablage avec la farine et le beurre. Faire un puit et ajouter  le sucre, le sel et l&rsquo;oeuf. P\u00e9trir. Si la p\u00e2te colle trop, ajouter un  peu de farine. R\u00e9server 4h au frais.<br \/>\nPr\u00e9chauffer le four traditionnel \u00e0 190\u00b0c.<br \/>\nFoncer le cercle \u00e0 tarte.<br \/>\n<u><strong>Cr\u00e8me noix de coco au rhum<\/strong><\/u><br \/>\n100g de beurre<br \/>\n125g de sucre<br \/>\n125g de noix de coco r\u00e2p\u00e9e<br \/>\n1 cas de ma\u00efzena<br \/>\n1 oeuf<br \/>\n3 cas de rhum vieux<br \/>\n100g de cr\u00e8me fleurette \u00e0 30% de MG<br \/>\nM\u00e9langer tous les ingr\u00e9dients dans l&rsquo;ordre et garnir le fond de la  tarte. Enfourner 25 minutes.<br \/>\nPour le d\u00e9cor : 5 kiwis et une mangue. Nappage miroir neutre.<\/p>\n<p style=\"text-align: center; font-weight: bold\">Guylaine et ses \u00ab\u00a0Bijoux aux fraises saupoudr\u00e9s d&rsquo;or\u00a0\u00bb<\/p>\n<p style=\"text-align: center\"><a href=\"http:\/\/cuisine-guylaine.over-blog.com\/article-51279311.html\" target=\"_blank\"><img loading=\"lazy\" decoding=\"async\" src=\"\/wp-content\/uploads\/2010\/06\/juin_2010_5158__1600x1200_.jpg\" alt=\"Cuisine Guylaine\" title=\"Cuisine Guylaine\" border=\"0\" height=\"234\" width=\"350\" \/><\/a><\/p>\n<p style=\"text-align: center\">&nbsp;<\/p>\n<p style=\"text-align: center; font-weight: bold\">Nad\u00e8ge et sa \u00ab\u00a0Religieuse de macarons\u00a0\u00bb<\/p>\n<p style=\"text-align: center\"><a href=\"http:\/\/macaronsaddict.canalblog.com\/archives\/2010\/05\/30\/18048697.html#comments\" target=\"_blank\"><img loading=\"lazy\" decoding=\"async\" src=\"\/wp-content\/uploads\/2010\/06\/53659233_p.jpg\" alt=\"Macarons Addict\" title=\"Macarons Addict\" border=\"0\" height=\"466\" width=\"350\" \/><\/a><\/p>\n<p style=\"text-align: center\">&nbsp;<\/p>\n<p style=\"text-align: center; font-weight: bold\">Pauline et son \u00ab\u00a0Brownie tr\u00e8s chocolat\u00a0\u00bb<\/p>\n<p style=\"text-align: center\"><a href=\"http:\/\/apieinthesky.canalblog.com\/archives\/2010\/05\/30\/18049992.html\" target=\"_blank\"><img loading=\"lazy\" decoding=\"async\" src=\"\/wp-content\/uploads\/2010\/06\/53660029_p.jpg\" alt=\"A pie in the sky\" title=\"A pie in the sky\" border=\"0\" height=\"219\" width=\"350\" \/><\/a><\/p>\n<p style=\"text-align: center\">&nbsp;<\/p>\n<p style=\"text-align: center; font-weight: bold\">Sab et son \u00ab\u00a0Vacherin de pise \u00e0 la fraise\u00a0\u00bb<\/p>\n<p style=\"text-align: center\"><a href=\"http:\/\/www.leplaisirdegourmandise.com\/article-vacherin-de-pise-a-la-fraise-51335948.html\" target=\"_blank\"><img loading=\"lazy\" decoding=\"async\" src=\"\/wp-content\/uploads\/2010\/06\/DSC02192.jpg\" alt=\"Le plaisir de gourmandise\" title=\"Le plaisir de gourmandise\" border=\"0\" height=\"423\" width=\"350\" \/><\/a><\/p>\n<p style=\"text-align: center\">&nbsp;<\/p>\n<p style=\"text-align: center; font-weight: bold\">Ana et sa \u00ab\u00a0Charlotte poire, caramel\u00a0\u00bb<\/p>\n<p style=\"text-align: center\"><a href=\"http:\/\/miamana.over-blog.com\/article-charlotte-poire-caramel-51317619.html\" target=\"_blank\"><img loading=\"lazy\" decoding=\"async\" src=\"\/wp-content\/uploads\/2010\/06\/019.jpg\" alt=\"Miamana\" title=\"Miamana\" border=\"0\" height=\"263\" width=\"350\" \/><\/a><\/p>\n<p style=\"text-align: center\">&nbsp;<\/p>\n<p style=\"text-align: center; font-weight: bold\">Chocociframboise et son \u00ab\u00a0G\u00e2teau au chocolat-framboise\u00a0\u00bb<\/p>\n<p style=\"text-align: center\"><a href=\"http:\/\/chocociframboise.over-blog.com\/article-gateau-pour-la-fete-des-meres-au-chocolat-et-aux-framboises-51276802.html\" target=\"_blank\"><img loading=\"lazy\" decoding=\"async\" src=\"\/wp-content\/uploads\/2010\/06\/Tarte_chocolat_framboise.jpg\" alt=\"Chocociframboise\" title=\"Chocociframboise\" border=\"0\" height=\"302\" width=\"350\" \/><\/a><\/p>\n<p style=\"text-align: center\">&nbsp;<\/p>\n<p style=\"text-align: center; font-weight: bold\">Loky et son \u00ab\u00a0Bouquet de cupcakes\u00a0\u00bb<\/p>\n<p style=\"text-align: center\"><a href=\"http:\/\/lokyloky.canalblog.com\/archives\/2010\/05\/29\/18044171.html#comments\" target=\"_blank\"><img loading=\"lazy\" decoding=\"async\" src=\"\/wp-content\/uploads\/2010\/06\/53676861_p.jpg\" alt=\"Loky vous vient \u00e0 la bouche\" title=\"Loky vous vient \u00e0 la bouche\" border=\"0\" height=\"263\" width=\"350\" \/><\/a><\/p>\n<p style=\"text-align: center\">&nbsp;<\/p>\n<p style=\"text-align: center; font-weight: bold\">M\u00e9lanie et ses \u00ab\u00a0Cupcakes framboise, violette\u00a0\u00bb<\/p>\n<p style=\"text-align: center\"><a href=\"http:\/\/mystere-et-nougatine.over-blog.com\/article-cupcake-framboise-violette-pour-ma-maman-51359603-comments.html#anchorComment\" target=\"_blank\"><img loading=\"lazy\" decoding=\"async\" src=\"\/wp-content\/uploads\/2010\/06\/DSCF1867.jpg\" alt=\"DSCF1867.jpg\" title=\"Myst\u00e8re et Nougatine\" border=\"0\" height=\"467\" width=\"350\" \/><\/a><\/p>\n<p style=\"text-align: center\">&nbsp;<\/p>\n<p style=\"text-align: center; font-weight: bold\">Byba et son \u00ab\u00a0G\u00e2teau aux feuilles chocolat\u00e9es\u00a0\u00bb<\/p>\n<p style=\"text-align: center\"><a href=\"http:\/\/byba.over-blog.fr\/article-gateau-aux-feuilles-chocolatees-51494662-comments.html#anchorComment\" target=\"_blank\"><img loading=\"lazy\" decoding=\"async\" src=\"\/wp-content\/uploads\/2010\/06\/fete_des_meres.jpg\" alt=\"Byba's kitchen\" title=\"Byba's kitchen\" border=\"0\" height=\"263\" width=\"350\" \/><\/a><\/p>\n<p style=\"text-align: center\">&nbsp;<\/p>\n<p style=\"text-align: center; font-weight: bold\">Ang\u00e9lique et son \u00ab\u00a0Entremet chocolat\u00e9 et framboises\u00a0\u00bb<\/p>\n<p style=\"text-align: center\"><a href=\"http:\/\/passioncuisine.over-blog.net\/article-entremet-chocolate-aux-framboises-51389302.html\" target=\"_blank\"><img loading=\"lazy\" decoding=\"async\" src=\"\/wp-content\/uploads\/2010\/06\/gateau_maman__2_.jpg\" alt=\"gateau_maman__2_.jpg\" title=\"Passion cuisine\" border=\"0\" height=\"311\" width=\"350\" \/><\/a><\/p>\n<p style=\"text-align: center\">&nbsp;<\/p>\n<p style=\"text-align: center; font-weight: bold\">Loukoum et son \u00ab\u00a0G\u00e2teau meringu\u00e9 aux amandes et \u00e0 la cr\u00e8me fouett\u00e9e\u00a0\u00bb<\/p>\n<p style=\"text-align: center\"><a href=\"http:\/\/beaualalouche.canalblog.com\/archives\/2010\/05\/28\/index.html\" target=\"_blank\"><img loading=\"lazy\" decoding=\"async\" src=\"\/wp-content\/uploads\/2010\/06\/53550203_p.jpg\" alt=\"Beau \u00e0 la louche\" title=\"Beau \u00e0 la louche\" border=\"0\" height=\"518\" width=\"350\" \/><\/a><\/p>\n<p style=\"text-align: center\">&nbsp;<\/p>\n<p style=\"text-align: center; font-weight: bold\">et son \u00ab\u00a0Entremet tout chocolat qui donne le tournis\u00a0\u00bb<\/p>\n<p style=\"text-align: center\"><a href=\"http:\/\/beaualalouche.canalblog.com\/archives\/2010\/05\/31\/index.html\" target=\"_blank\"><img loading=\"lazy\" decoding=\"async\" src=\"\/wp-content\/uploads\/2010\/06\/53722171_p.jpg\" alt=\"Beau \u00e0 la louche\" border=\"0\" height=\"518\" width=\"350\" \/><\/a><\/p>\n<p style=\"text-align: center\">&nbsp;<\/p>\n<p style=\"text-align: center; font-weight: bold\">Sandra et son \u00ab\u00a0Chococ&rsquo;Pralin&rsquo;Chic\u00a0\u00bb<\/p>\n<p style=\"text-align: center\"><a href=\"http:\/\/ilovemacarons.free.fr\/index.php\/2010\/05\/30\/bonne-fete-maman-chocopralinchic-dapres-le-choco-chic-de-c-felder\/\" target=\"_blank\"><img loading=\"lazy\" decoding=\"async\" src=\"\/wp-content\/uploads\/2010\/06\/00014.jpg\" alt=\"I love macarons\" title=\"I love macarons\" border=\"0\" height=\"274\" width=\"350\" \/><\/a><\/p>\n<p style=\"text-align: center\">&nbsp;<\/p>\n<p style=\"text-align: center; font-weight: bold\">Alaro et son \u00ab\u00a0G\u00e2teau aux mousses fraises et chocolat noir gingembre\u00a0\u00bb<\/p>\n<p style=\"text-align: center\"><a href=\"http:\/\/alaro.over-blog.com\/article-gateau-aux-mousses-fraises-chocolat-noir-gingembre-51302651.html\" target=\"_blank\"><img loading=\"lazy\" decoding=\"async\" src=\"\/wp-content\/uploads\/2010\/06\/Gateau_mousse.jpg\" alt=\"Mes petites recettes pr\u00e9f\u00e9r\u00e9es\" title=\"Mes petites recettes pr\u00e9f\u00e9r\u00e9es\" border=\"0\" height=\"308\" width=\"350\" \/><\/a><\/p>\n<p style=\"text-align: center\">&nbsp;<\/p>\n<p style=\"text-align: center; font-weight: bold\">Anne H\u00e9l\u00e8ne et son \u00ab\u00a0Tiramisu rose\u00a0\u00bb<\/p>\n<p style=\"text-align: center\"><a href=\"http:\/\/www.annehelene.fr\/tiramisu-rose-ou-tu-veux-quoi-pour-la-fete-des-meres\/\" target=\"_blank\"><img loading=\"lazy\" decoding=\"async\" src=\"\/wp-content\/uploads\/2010\/06\/IMG_9027.jpg\" alt=\"La cuisine d'Anne H\u00e9l\u00e8ne\" border=\"0\" height=\"263\" width=\"350\" \/><\/a><\/p>\n<p style=\"text-align: center\">&nbsp;<\/p>\n<p style=\"text-align: center; font-weight: bold\">Caro et son \u00ab\u00a0Bouquet de roses\u00a0\u00bb<\/p>\n<p style=\"text-align: center\"><a href=\"http:\/\/cuisineetcaro.canalblog.com\/archives\/2010\/05\/30\/18050558.html\" target=\"_blank\"><img loading=\"lazy\" decoding=\"async\" src=\"\/wp-content\/uploads\/2010\/06\/53668247_p.jpg\" alt=\"La cuisine de Caro\" title=\"La cuisine de Caro\" border=\"0\" height=\"233\" width=\"350\" \/><\/a><\/p>\n<p align=\"center\"><strong>Chesepeake et ses \u00ab\u00a0Petits c\u0153urs croquants\u00a0\u00bb<\/strong><\/p>\n<p style=\"text-align: center\"><a href=\"http:\/\/chesapeake.over-blog.com\/article-gateau-pour-la-fete-des-meres-51294429.html\" target=\"_blank\"><img loading=\"lazy\" decoding=\"async\" src=\"\/wp-content\/uploads\/2010\/06\/P1020064.jpg\" alt=\"Chesepeake\" title=\"Chesepeake\" border=\"0\" height=\"262\" width=\"350\" \/><\/a><\/p>\n<p style=\"text-align: center\"><strong>Hors Concours<\/strong><\/p>\n<p style=\"text-align: center; font-weight: bold\">Bigmumy et son  \u00ab\u00a0Bavarois Fraise-citron\u00a0\u00bb<\/p>\n<p style=\"text-align: center\"><a href=\"http:\/\/djouza.over-blog.com\/article-bavarois-fraise-citron-47778824.html\" target=\"_blank\"><img loading=\"lazy\" decoding=\"async\" src=\"\/wp-content\/uploads\/2010\/06\/Gateau_bavarois_009.jpg\" alt=\"Ma  cabane aux d\u00e9lices\" title=\"Ma cabane aux d\u00e9lices\" border=\"0\" height=\"264\" width=\"350\" \/><\/a><\/p>\n<p style=\"text-align: center\">&nbsp;<\/p>\n<p style=\"text-align: center\">&nbsp;<\/p>\n","protected":false},"excerpt":{"rendered":"<p>Soulef et son \u00ab\u00a0Jardin Fleuri\u00a0\u00bb &nbsp; Irisa et sa \u00ab\u00a0Jardini\u00e8re de Muffins au caramel\u00a0\u00bb &nbsp; Lulu et son \u00ab\u00a0Fraisier revisit\u00e9 au Lemon curd\u00a0\u00bb &nbsp; Vanessa et son \u00ab\u00a0Moelleux au chocolat gingembre et basilic\u00a0\u00bb &nbsp; \u00a0Jo et ses \u00ab\u00a0Cupcakes \u00e0 l&rsquo;eau de rose\u00a0\u00bb &nbsp; \u00a0Poune et son \u00ab\u00a0Petit c\u0153ur\u00a0\u00bb &nbsp; \u00a0Sandra et son \u00ab\u00a0Tiramicheescake\u00a0\u00bb &nbsp; \u00a0Marine &hellip;<\/p>\n","protected":false},"author":2,"featured_media":0,"parent":0,"menu_order":0,"comment_status":"open","ping_status":"open","template":"","meta":{"footnotes":""},"class_list":["post-801","page","type-page","status-publish",""],"aioseo_notices":[],"_links":{"self":[{"href":"https:\/\/www.peches-mignons.fr\/index.php?rest_route=\/wp\/v2\/pages\/801","targetHints":{"allow":["GET"]}}],"collection":[{"href":"https:\/\/www.peches-mignons.fr\/index.php?rest_route=\/wp\/v2\/pages"}],"about":[{"href":"https:\/\/www.peches-mignons.fr\/index.php?rest_route=\/wp\/v2\/types\/page"}],"author":[{"embeddable":true,"href":"https:\/\/www.peches-mignons.fr\/index.php?rest_route=\/wp\/v2\/users\/2"}],"replies":[{"embeddable":true,"href":"https:\/\/www.peches-mignons.fr\/index.php?rest_route=%2Fwp%2Fv2%2Fcomments&post=801"}],"version-history":[{"count":0,"href":"https:\/\/www.peches-mignons.fr\/index.php?rest_route=\/wp\/v2\/pages\/801\/revisions"}],"wp:attachment":[{"href":"https:\/\/www.peches-mignons.fr\/index.php?rest_route=%2Fwp%2Fv2%2Fmedia&parent=801"}],"curies":[{"name":"wp","href":"https:\/\/api.w.org\/{rel}","templated":true}]}}